{"id":2464,"date":"2016-06-01T23:21:34","date_gmt":"2016-06-01T23:21:34","guid":{"rendered":"http:\/\/preview.ait-themes.club\/theme\/farmworld\/?page_id=2464"},"modified":"2025-10-06T11:04:33","modified_gmt":"2025-10-06T09:04:33","slug":"terms-conditions","status":"publish","type":"page","link":"https:\/\/vopp.cz\/?page_id=2464","title":{"rendered":"GDPR"},"content":{"rendered":"<p>Kdy\u017e se \u0159ekne ochrana osobn\u00edch \u00fadaj\u016f, ka\u017ed\u00e9mu se vybav\u00ed tzv. GDPR. Za touto zkratkou se skr\u00fdv\u00e1 evropsk\u00e9 na\u0159\u00edzen\u00ed, kter\u00e9 p\u0159edstavuje soubor pravidel pro ochranu osobn\u00edch \u00fadaj\u016f ob\u010dan\u016f Evropsk\u00e9 Unie. U n\u00e1s je toto na\u0159\u00edzen\u00ed zn\u00e1m\u00e9 jako Obecn\u00e9 na\u0159\u00edzen\u00ed na ochranu osobn\u00edch \u00fadaj\u016f. V\u00a0\u00fa\u010dinnost toto na\u0159\u00edzen\u00ed vstoupilo dne 25. kv\u011btna 2018. Pokud by jste si jej cht\u011bli p\u0159e\u010d\u00edst, naleznete jej t\u0159eba na\u00a0<a href=\"https:\/\/lepsi-reseni.cz\/ochrana-osobnich-udaju-gdpr\/narizeni-gdpr-cesky-obsah\/\">https:\/\/lepsi-reseni.cz\/ochrana-osobnich-udaju-gdpr\/narizeni-gdpr-cesky-obsah\/<\/a><\/p>\n<p>Vedle tohoto na\u0159\u00edzen\u00ed je pr\u00e1ce s\u00a0osobn\u00edmi \u00fadaji tak\u00e9 upravena z\u00e1konem \u010d. 101\/2000 Sb., o ochran\u011b osobn\u00edch \u00fadaj\u016f, v\u00a0\u00fa\u010dinn\u00e9m zn\u011bn\u00ed.<\/p>\n<p>My (spr\u00e1vce i zpracovatel osobn\u00edch \u00fadaj\u016f je\u00a0<strong>VOPP s.r.o.<\/strong>) s Va\u0161imi osobn\u00edmi \u00fadaji zach\u00e1z\u00edme v souladu s ob\u011bma pr\u00e1vn\u00edmi p\u0159edpisy.<\/p>\n<h3 class=\"wp-block-heading\"><strong>Jak\u00e9 osobn\u00ed \u00fadaje vlastn\u011b zpracov\u00e1v\u00e1me?<\/strong><\/h3>\n<p>S\u00a0Va\u0161\u00edm souhlasem v\u017edy zpracov\u00e1v\u00e1me jen ty osobn\u00ed \u00fadaje, kter\u00e9 jsou nezbytn\u011b nutn\u00e9 k\u00a0provozu tohoto webu a napln\u011bn\u00ed jeho \u00fa\u010delu. Typicky se jedn\u00e1 o \u00fadaje jako je Va\u0161e jm\u00e9no, p\u0159\u00edjmen\u00ed, adresa, e-mail p\u0159\u00edpadn\u011b telefonn\u00ed \u010d\u00edslo. Tyto \u00fadaje v\u0161ak shroma\u017e\u010fujeme jen na z\u00e1klad\u011b Va\u0161eho souhlasu, pot\u00e9 co je na webu vypln\u00edte nap\u0159\u00edklad v\u00a0kontaktn\u00edm formul\u00e1\u0159i. Dal\u0161\u00edmi shroma\u017e\u010fovan\u00fdmi osobn\u00edmi \u00fadaji dle GDPR jsou tzv. Cookies soubory a Va\u0161e IP adresa. Kone\u010dn\u011b, pokud provedete n\u011bjakou platbu (dar, zakoupen\u00ed zbo\u017e\u00ed), mus\u00edme zpracovat nejnutn\u011bj\u0161\u00ed bankovn\u00ed \u00fadaje, kter\u00e9 jsou k\u00a0takov\u00e9 transakci nezbytn\u00e9.<\/p>\n<h3 class=\"wp-block-heading\"><strong>Doba zpracov\u00e1n\u00ed osobn\u00edch \u00fadaj\u016f<\/strong><\/h3>\n<p>V\u0161echny osobn\u00ed \u00fadaje zpracov\u00e1v\u00e1me a uchov\u00e1v\u00e1me po dobu stanovenou z\u00e1konem nebo na\u0159\u00edzen\u00edm GDPR, tedy po dobu t\u0159\u00ed let nen\u00ed-li uvedeno jinak. Nap\u0159\u00edklad cookies soubory maj\u00ed dobu platnosti nastavenou r\u016fzn\u011b s\u00a0ohledem na jejich druh. Analytick\u00e1 data, jsou-li zpracov\u00e1v\u00e1na, se uchov\u00e1vaj\u00ed 26 m\u011bs\u00edc\u016f a \u00fadaje z\u00a0platebn\u00edch bran m\u00e1me povinnost uchov\u00e1vat po dobu deseti let.<\/p>\n<h3 class=\"wp-block-heading\"><strong>Souhlas se zpracov\u00e1n\u00edm osobn\u00edch \u00fadaj\u016f<\/strong><\/h3>\n<p>Sv\u016fj souhlas se zpracov\u00e1n\u00edm osobn\u00edch \u00fadaj\u016f vyjad\u0159ujete jednak potvrzen\u00edm pozn\u00e1mky o pou\u017e\u00edv\u00e1n\u00ed soubor\u016f cookies, proveden\u00edm platby \u010di odesl\u00e1n\u00edm kontaktn\u00edho formul\u00e1\u0159e. Sv\u016fj souhlas se zpracov\u00e1n\u00ed osobn\u00edch \u00fadaj\u016f v\u0161ak m\u016f\u017eete vyj\u00e1d\u0159it tak\u00e9 tzv. ml\u010dky, tedy bez zakliknut\u00ed souhlasu pouze t\u00edm, \u017ee si n\u00e1\u0161 web prohl\u00eddnete a pou\u017eijete jeho jednotliv\u00e9 sou\u010d\u00e1sti (nap\u0159\u00edklad kontaktn\u00ed formul\u00e1\u0159).<\/p>\n<h3 class=\"wp-block-heading\"><strong>Odvol\u00e1n\u00ed souhlasu se zpracov\u00e1n\u00edm cookies soubor\u016f<\/strong><\/h3>\n<p>Sv\u016fj souhlas se zpracov\u00e1n\u00edm soubor\u016f cookies m\u016f\u017eete samoz\u0159ejm\u011b vz\u00edt kdykoliv zp\u011bt. U\u010dinit tak m\u016f\u017eete kliknut\u00edm na toto tla\u010d\u00edtko [cookies_revoke]<\/p>\n<p>Schv\u00e1leno dne 25.5.2018<\/p>\n<p>Ji\u0159\u00ed Vacek<\/p>\n","protected":false},"excerpt":{"rendered":"<p>Kdy\u017e se \u0159ekne ochrana osobn\u00edch \u00fadaj\u016f, ka\u017ed\u00e9mu se vybav\u00ed tzv. GDPR. Za touto zkratkou se skr\u00fdv\u00e1 evropsk\u00e9 na\u0159\u00edzen\u00ed, kter\u00e9 p\u0159edstavuje soubor pravidel pro ochranu osobn\u00edch \u00fadaj\u016f ob\u010dan\u016f Evropsk\u00e9 Unie. U n\u00e1s je toto na\u0159\u00edzen\u00ed zn\u00e1m\u00e9 jako Obecn\u00e9 na\u0159\u00edzen\u00ed na ochranu osobn\u00edch \u00fadaj\u016f. V\u00a0\u00fa\u010dinnost toto na\u0159\u00edzen\u00ed vstoupilo dne 25. kv\u011btna 2018. Pokud by jste si jej [&hellip;]<\/p>\n","protected":false},"author":1,"featured_media":0,"parent":0,"menu_order":0,"comment_status":"closed","ping_status":"closed","template":"","meta":{"footnotes":""},"class_list":["post-2464","page","type-page","status-publish","hentry"],"yoast_head":"<!-- This site is optimized with the Yoast SEO plugin v26.1.1 - https:\/\/yoast.com\/wordpress\/plugins\/seo\/ -->\n<title>GDPR - VOPP<\/title>\n<meta name=\"robots\" content=\"index, follow, max-snippet:-1, max-image-preview:large, max-video-preview:-1\" \/>\n<link rel=\"canonical\" href=\"https:\/\/vopp.cz\/?page_id=2464\" \/>\n<meta property=\"og:locale\" content=\"cs_CZ\" \/>\n<meta property=\"og:type\" content=\"article\" \/>\n<meta property=\"og:title\" content=\"GDPR - VOPP\" \/>\n<meta property=\"og:description\" content=\"Kdy\u017e se \u0159ekne ochrana osobn\u00edch \u00fadaj\u016f, ka\u017ed\u00e9mu se vybav\u00ed tzv. GDPR. Za touto zkratkou se skr\u00fdv\u00e1 evropsk\u00e9 na\u0159\u00edzen\u00ed, kter\u00e9 p\u0159edstavuje soubor pravidel pro ochranu osobn\u00edch \u00fadaj\u016f ob\u010dan\u016f Evropsk\u00e9 Unie. U n\u00e1s je toto na\u0159\u00edzen\u00ed zn\u00e1m\u00e9 jako Obecn\u00e9 na\u0159\u00edzen\u00ed na ochranu osobn\u00edch \u00fadaj\u016f. V\u00a0\u00fa\u010dinnost toto na\u0159\u00edzen\u00ed vstoupilo dne 25. kv\u011btna 2018. Pokud by jste si jej [&hellip;]\" \/>\n<meta property=\"og:url\" content=\"https:\/\/vopp.cz\/?page_id=2464\" \/>\n<meta property=\"og:site_name\" content=\"VOPP\" \/>\n<meta property=\"article:modified_time\" content=\"2025-10-06T09:04:33+00:00\" \/>\n<meta name=\"twitter:card\" content=\"summary_large_image\" \/>\n<meta name=\"twitter:label1\" content=\"Odhadovan\u00e1 doba \u010dten\u00ed\" \/>\n\t<meta name=\"twitter:data1\" content=\"2 minuty\" \/>\n<script type=\"application\/ld+json\" class=\"yoast-schema-graph\">{\"@context\":\"https:\/\/schema.org\",\"@graph\":[{\"@type\":\"WebPage\",\"@id\":\"https:\/\/vopp.cz\/?page_id=2464\",\"url\":\"https:\/\/vopp.cz\/?page_id=2464\",\"name\":\"GDPR - VOPP\",\"isPartOf\":{\"@id\":\"https:\/\/vopp.cz\/#website\"},\"datePublished\":\"2016-06-01T23:21:34+00:00\",\"dateModified\":\"2025-10-06T09:04:33+00:00\",\"breadcrumb\":{\"@id\":\"https:\/\/vopp.cz\/?page_id=2464#breadcrumb\"},\"inLanguage\":\"cs\",\"potentialAction\":[{\"@type\":\"ReadAction\",\"target\":[\"https:\/\/vopp.cz\/?page_id=2464\"]}]},{\"@type\":\"BreadcrumbList\",\"@id\":\"https:\/\/vopp.cz\/?page_id=2464#breadcrumb\",\"itemListElement\":[{\"@type\":\"ListItem\",\"position\":1,\"name\":\"Dom\u016f\",\"item\":\"https:\/\/vopp.cz\/\"},{\"@type\":\"ListItem\",\"position\":2,\"name\":\"GDPR\"}]},{\"@type\":\"WebSite\",\"@id\":\"https:\/\/vopp.cz\/#website\",\"url\":\"https:\/\/vopp.cz\/\",\"name\":\"VOPP\",\"description\":\"Kontaktujte n\u00e1s na telefonu: +420 604 635 534\",\"publisher\":{\"@id\":\"https:\/\/vopp.cz\/#organization\"},\"potentialAction\":[{\"@type\":\"SearchAction\",\"target\":{\"@type\":\"EntryPoint\",\"urlTemplate\":\"https:\/\/vopp.cz\/?s={search_term_string}\"},\"query-input\":{\"@type\":\"PropertyValueSpecification\",\"valueRequired\":true,\"valueName\":\"search_term_string\"}}],\"inLanguage\":\"cs\"},{\"@type\":\"Organization\",\"@id\":\"https:\/\/vopp.cz\/#organization\",\"name\":\"VOPP\",\"url\":\"https:\/\/vopp.cz\/\",\"logo\":{\"@type\":\"ImageObject\",\"inLanguage\":\"cs\",\"@id\":\"https:\/\/vopp.cz\/#\/schema\/logo\/image\/\",\"url\":\"https:\/\/vopp.cz\/wp-content\/uploads\/logo-VOPP-300-bez-pozadi.png\",\"contentUrl\":\"https:\/\/vopp.cz\/wp-content\/uploads\/logo-VOPP-300-bez-pozadi.png\",\"width\":299,\"height\":145,\"caption\":\"VOPP\"},\"image\":{\"@id\":\"https:\/\/vopp.cz\/#\/schema\/logo\/image\/\"}}]}<\/script>\n<!-- \/ Yoast SEO plugin. -->","yoast_head_json":{"title":"GDPR - VOPP","robots":{"index":"index","follow":"follow","max-snippet":"max-snippet:-1","max-image-preview":"max-image-preview:large","max-video-preview":"max-video-preview:-1"},"canonical":"https:\/\/vopp.cz\/?page_id=2464","og_locale":"cs_CZ","og_type":"article","og_title":"GDPR - VOPP","og_description":"Kdy\u017e se \u0159ekne ochrana osobn\u00edch \u00fadaj\u016f, ka\u017ed\u00e9mu se vybav\u00ed tzv. GDPR. Za touto zkratkou se skr\u00fdv\u00e1 evropsk\u00e9 na\u0159\u00edzen\u00ed, kter\u00e9 p\u0159edstavuje soubor pravidel pro ochranu osobn\u00edch \u00fadaj\u016f ob\u010dan\u016f Evropsk\u00e9 Unie. U n\u00e1s je toto na\u0159\u00edzen\u00ed zn\u00e1m\u00e9 jako Obecn\u00e9 na\u0159\u00edzen\u00ed na ochranu osobn\u00edch \u00fadaj\u016f. V\u00a0\u00fa\u010dinnost toto na\u0159\u00edzen\u00ed vstoupilo dne 25. kv\u011btna 2018. Pokud by jste si jej [&hellip;]","og_url":"https:\/\/vopp.cz\/?page_id=2464","og_site_name":"VOPP","article_modified_time":"2025-10-06T09:04:33+00:00","twitter_card":"summary_large_image","twitter_misc":{"Odhadovan\u00e1 doba \u010dten\u00ed":"2 minuty"},"schema":{"@context":"https:\/\/schema.org","@graph":[{"@type":"WebPage","@id":"https:\/\/vopp.cz\/?page_id=2464","url":"https:\/\/vopp.cz\/?page_id=2464","name":"GDPR - VOPP","isPartOf":{"@id":"https:\/\/vopp.cz\/#website"},"datePublished":"2016-06-01T23:21:34+00:00","dateModified":"2025-10-06T09:04:33+00:00","breadcrumb":{"@id":"https:\/\/vopp.cz\/?page_id=2464#breadcrumb"},"inLanguage":"cs","potentialAction":[{"@type":"ReadAction","target":["https:\/\/vopp.cz\/?page_id=2464"]}]},{"@type":"BreadcrumbList","@id":"https:\/\/vopp.cz\/?page_id=2464#breadcrumb","itemListElement":[{"@type":"ListItem","position":1,"name":"Dom\u016f","item":"https:\/\/vopp.cz\/"},{"@type":"ListItem","position":2,"name":"GDPR"}]},{"@type":"WebSite","@id":"https:\/\/vopp.cz\/#website","url":"https:\/\/vopp.cz\/","name":"VOPP","description":"Kontaktujte n\u00e1s na telefonu: +420 604 635 534","publisher":{"@id":"https:\/\/vopp.cz\/#organization"},"potentialAction":[{"@type":"SearchAction","target":{"@type":"EntryPoint","urlTemplate":"https:\/\/vopp.cz\/?s={search_term_string}"},"query-input":{"@type":"PropertyValueSpecification","valueRequired":true,"valueName":"search_term_string"}}],"inLanguage":"cs"},{"@type":"Organization","@id":"https:\/\/vopp.cz\/#organization","name":"VOPP","url":"https:\/\/vopp.cz\/","logo":{"@type":"ImageObject","inLanguage":"cs","@id":"https:\/\/vopp.cz\/#\/schema\/logo\/image\/","url":"https:\/\/vopp.cz\/wp-content\/uploads\/logo-VOPP-300-bez-pozadi.png","contentUrl":"https:\/\/vopp.cz\/wp-content\/uploads\/logo-VOPP-300-bez-pozadi.png","width":299,"height":145,"caption":"VOPP"},"image":{"@id":"https:\/\/vopp.cz\/#\/schema\/logo\/image\/"}}]}},"_links":{"self":[{"href":"https:\/\/vopp.cz\/index.php?rest_route=\/wp\/v2\/pages\/2464","targetHints":{"allow":["GET"]}}],"collection":[{"href":"https:\/\/vopp.cz\/index.php?rest_route=\/wp\/v2\/pages"}],"about":[{"href":"https:\/\/vopp.cz\/index.php?rest_route=\/wp\/v2\/types\/page"}],"author":[{"embeddable":true,"href":"https:\/\/vopp.cz\/index.php?rest_route=\/wp\/v2\/users\/1"}],"replies":[{"embeddable":true,"href":"https:\/\/vopp.cz\/index.php?rest_route=%2Fwp%2Fv2%2Fcomments&post=2464"}],"version-history":[{"count":2,"href":"https:\/\/vopp.cz\/index.php?rest_route=\/wp\/v2\/pages\/2464\/revisions"}],"predecessor-version":[{"id":2747,"href":"https:\/\/vopp.cz\/index.php?rest_route=\/wp\/v2\/pages\/2464\/revisions\/2747"}],"wp:attachment":[{"href":"https:\/\/vopp.cz\/index.php?rest_route=%2Fwp%2Fv2%2Fmedia&parent=2464"}],"curies":[{"name":"wp","href":"https:\/\/api.w.org\/{rel}","templated":true}]}}